{"id":154,"date":"2019-02-26T13:50:10","date_gmt":"2019-02-26T13:50:10","guid":{"rendered":"http:\/\/147.83.54.19\/users\/pietro\/Quantum_Menorca_2019\/?page_id=154"},"modified":"2026-04-02T10:26:06","modified_gmt":"2026-04-02T10:26:06","slug":"154-2","status":"publish","type":"page","link":"https:\/\/quantum-menorca-2026.upc.edu\/","title":{"rendered":"Workshop and School on &#8220;Frontiers in ultracold quantum gases&#8221;"},"content":{"rendered":"\n<p class=\"has-text-align-left\">The research on ultracold quantum gases is continuously evolving and reaching new frontiers in both theory and experiment.<\/p>\n\n\n\n<p>Organized in the framewok of the <em>XLI Trobades Cient\u00edfiques de la Mediterr\u00e0nia-Josep Miquel Vidal<\/em> and supported by the Catalonia Quantum Academy, the <strong>Workshop and School on \u201cFrontiers in ultracold quantum gases\u201d<\/strong> aims at bringing together experts and younger researchers on ultracold atoms, to discuss developments in the context of:<\/p>\n\n\n\n<ul class=\"wp-block-list\">\n<li>Ultracold quantum mixtures<\/li>\n\n\n\n<li>Ultracold atoms in curved geometries<\/li>\n\n\n\n<li>Few-body physics<\/li>\n\n\n\n<li>Dipolar quantum gases<\/li>\n\n\n\n<li>Quantum metrology with ultracold atoms<\/li>\n<\/ul>\n\n\n\n<p><\/p>\n\n\n\n<p><\/p>\n\n\n\n<p>Dates and place: 10 &#8211; 12 June 2026 &#8211; Ma\u00f3 (Menorca, Spain)<\/p>\n\n\n\n<p><\/p>\n\n\n\n<p class=\"has-text-align-center\">We gratefully acknowledge financial support of the:<\/p>\n\n\n<div class=\"wp-block-image\">\n<figure class=\"aligncenter size-large is-resized\"><img loading=\"lazy\" decoding=\"async\" width=\"1024\" height=\"377\" src=\"https:\/\/quantum-menorca-2026.upc.edu\/wp-content\/uploads\/2026\/03\/CQA_logo-1-1024x377.png\" alt=\"\" class=\"wp-image-4226\" style=\"aspect-ratio:2.715335039274827;width:303px;height:auto\" srcset=\"https:\/\/quantum-menorca-2026.upc.edu\/wp-content\/uploads\/2026\/03\/CQA_logo-1-1024x377.png 1024w, https:\/\/quantum-menorca-2026.upc.edu\/wp-content\/uploads\/2026\/03\/CQA_logo-1-300x110.png 300w, https:\/\/quantum-menorca-2026.upc.edu\/wp-content\/uploads\/2026\/03\/CQA_logo-1-768x283.png 768w, https:\/\/quantum-menorca-2026.upc.edu\/wp-content\/uploads\/2026\/03\/CQA_logo-1-1536x566.png 1536w, https:\/\/quantum-menorca-2026.upc.edu\/wp-content\/uploads\/2026\/03\/CQA_logo-1-2048x754.png 2048w, https:\/\/quantum-menorca-2026.upc.edu\/wp-content\/uploads\/2026\/03\/CQA_logo-1-1200x442.png 1200w, https:\/\/quantum-menorca-2026.upc.edu\/wp-content\/uploads\/2026\/03\/CQA_logo-1-1980x729.png 1980w\" sizes=\"auto, (max-width: 1024px) 100vw, 1024px\" \/><\/figure>\n<\/div>\n\n<div class=\"wp-block-image\">\n<figure class=\"aligncenter size-full is-resized\"><img loading=\"lazy\" decoding=\"async\" width=\"336\" height=\"129\" src=\"https:\/\/quantum-menorca-2026.upc.edu\/wp-content\/uploads\/2026\/03\/SCF_logo-1.png\" alt=\"\" class=\"wp-image-4221\" style=\"width:301px;height:auto\" srcset=\"https:\/\/quantum-menorca-2026.upc.edu\/wp-content\/uploads\/2026\/03\/SCF_logo-1.png 336w, https:\/\/quantum-menorca-2026.upc.edu\/wp-content\/uploads\/2026\/03\/SCF_logo-1-300x115.png 300w\" sizes=\"auto, (max-width: 336px) 100vw, 336px\" \/><\/figure>\n<\/div>\n\n\n<p class=\"has-text-align-center\">Participating institutions:<\/p>\n\n\n<div class=\"wp-block-image\">\n<figure class=\"aligncenter size-full is-resized\"><img loading=\"lazy\" decoding=\"async\" width=\"567\" height=\"170\" src=\"https:\/\/quantum-menorca-2026.upc.edu\/wp-content\/uploads\/2026\/03\/upc-positiu-p3005-interior-blanc-1.png\" alt=\"\" class=\"wp-image-4220\" style=\"aspect-ratio:3.335033042552645;width:306px;height:auto\" srcset=\"https:\/\/quantum-menorca-2026.upc.edu\/wp-content\/uploads\/2026\/03\/upc-positiu-p3005-interior-blanc-1.png 567w, https:\/\/quantum-menorca-2026.upc.edu\/wp-content\/uploads\/2026\/03\/upc-positiu-p3005-interior-blanc-1-300x90.png 300w\" sizes=\"auto, (max-width: 567px) 100vw, 567px\" \/><\/figure>\n<\/div>\n\n<div class=\"wp-block-image\">\n<figure class=\"aligncenter size-large is-resized\"><img loading=\"lazy\" decoding=\"async\" width=\"1024\" height=\"422\" src=\"https:\/\/quantum-menorca-2026.upc.edu\/wp-content\/uploads\/2026\/03\/IME-logo-horitzontal-blau-1024x422.jpg\" alt=\"\" class=\"wp-image-4222\" style=\"aspect-ratio:2.426090405138751;width:299px;height:auto\" srcset=\"https:\/\/quantum-menorca-2026.upc.edu\/wp-content\/uploads\/2026\/03\/IME-logo-horitzontal-blau-1024x422.jpg 1024w, https:\/\/quantum-menorca-2026.upc.edu\/wp-content\/uploads\/2026\/03\/IME-logo-horitzontal-blau-300x124.jpg 300w, https:\/\/quantum-menorca-2026.upc.edu\/wp-content\/uploads\/2026\/03\/IME-logo-horitzontal-blau-768x317.jpg 768w, https:\/\/quantum-menorca-2026.upc.edu\/wp-content\/uploads\/2026\/03\/IME-logo-horitzontal-blau-1200x495.jpg 1200w, https:\/\/quantum-menorca-2026.upc.edu\/wp-content\/uploads\/2026\/03\/IME-logo-horitzontal-blau.jpg 1247w\" sizes=\"auto, (max-width: 1024px) 100vw, 1024px\" \/><\/figure>\n<\/div>\n\n<div class=\"wp-block-image\">\n<figure class=\"aligncenter size-large is-resized\"><img loading=\"lazy\" decoding=\"async\" width=\"1024\" height=\"345\" src=\"https:\/\/quantum-menorca-2026.upc.edu\/wp-content\/uploads\/2026\/03\/ICFO_logo_2018-1-1024x345.png\" alt=\"\" class=\"wp-image-4223\" style=\"aspect-ratio:2.9681291642722334;width:302px;height:auto\" srcset=\"https:\/\/quantum-menorca-2026.upc.edu\/wp-content\/uploads\/2026\/03\/ICFO_logo_2018-1-1024x345.png 1024w, https:\/\/quantum-menorca-2026.upc.edu\/wp-content\/uploads\/2026\/03\/ICFO_logo_2018-1-300x101.png 300w, https:\/\/quantum-menorca-2026.upc.edu\/wp-content\/uploads\/2026\/03\/ICFO_logo_2018-1-768x259.png 768w, https:\/\/quantum-menorca-2026.upc.edu\/wp-content\/uploads\/2026\/03\/ICFO_logo_2018-1-1536x518.png 1536w, https:\/\/quantum-menorca-2026.upc.edu\/wp-content\/uploads\/2026\/03\/ICFO_logo_2018-1-1200x405.png 1200w, https:\/\/quantum-menorca-2026.upc.edu\/wp-content\/uploads\/2026\/03\/ICFO_logo_2018-1.png 1634w\" sizes=\"auto, (max-width: 1024px) 100vw, 1024px\" \/><\/figure>\n<\/div>\n\n\n<p><\/p>\n","protected":false},"excerpt":{"rendered":"<p>The research on ultracold quantum gases is continuously evolving and reaching new frontiers in both theory and experiment. Organized in the framewok of the XLI Trobades Cient\u00edfiques de la Mediterr\u00e0nia-Josep Miquel Vidal and supported by the Catalonia Quantum Academy, the Workshop and School on \u201cFrontiers in ultracold quantum gases\u201d aims at bringing together experts and [&hellip;]<\/p>\n","protected":false},"author":2,"featured_media":0,"parent":0,"menu_order":0,"comment_status":"closed","ping_status":"closed","template":"","meta":{"footnotes":""},"class_list":["post-154","page","type-page","status-publish","hentry"],"yoast_head":"<!-- This site is optimized with the Yoast SEO plugin v26.9 - https:\/\/yoast.com\/product\/yoast-seo-wordpress\/ -->\n<title>Workshop and School on &quot;Frontiers in ultracold quantum gases&quot; - XLI Trobades Cient\u00edfiques de la Mediterr\u00e0nia-Josep Miquel Vidal<\/title>\n<meta name=\"robots\" content=\"index, follow, max-snippet:-1, max-image-preview:large, max-video-preview:-1\" \/>\n<link rel=\"canonical\" href=\"https:\/\/quantum-menorca-2026.upc.edu\/\" \/>\n<meta property=\"og:locale\" content=\"en_GB\" \/>\n<meta property=\"og:type\" content=\"article\" \/>\n<meta property=\"og:title\" content=\"Workshop and School on &quot;Frontiers in ultracold quantum gases&quot; - XLI Trobades Cient\u00edfiques de la Mediterr\u00e0nia-Josep Miquel Vidal\" \/>\n<meta property=\"og:description\" content=\"The research on ultracold quantum gases is continuously evolving and reaching new frontiers in both theory and experiment. Organized in the framewok of the XLI Trobades Cient\u00edfiques de la Mediterr\u00e0nia-Josep Miquel Vidal and supported by the Catalonia Quantum Academy, the Workshop and School on \u201cFrontiers in ultracold quantum gases\u201d aims at bringing together experts and [&hellip;]\" \/>\n<meta property=\"og:url\" content=\"https:\/\/quantum-menorca-2026.upc.edu\/\" \/>\n<meta property=\"og:site_name\" content=\"XLI Trobades Cient\u00edfiques de la Mediterr\u00e0nia-Josep Miquel Vidal\" \/>\n<meta property=\"article:modified_time\" content=\"2026-04-02T10:26:06+00:00\" \/>\n<meta property=\"og:image\" content=\"https:\/\/quantum-menorca-2026.upc.edu\/wp-content\/uploads\/2026\/03\/CQA_logo-1-scaled.png\" \/>\n\t<meta property=\"og:image:width\" content=\"2560\" \/>\n\t<meta property=\"og:image:height\" content=\"943\" \/>\n\t<meta property=\"og:image:type\" content=\"image\/png\" \/>\n<meta name=\"twitter:card\" content=\"summary_large_image\" \/>\n<meta name=\"twitter:label1\" content=\"Estimated reading time\" \/>\n\t<meta name=\"twitter:data1\" content=\"2 minutes\" \/>\n<script type=\"application\/ld+json\" class=\"yoast-schema-graph\">{\"@context\":\"https:\/\/schema.org\",\"@graph\":[{\"@type\":\"WebPage\",\"@id\":\"https:\/\/quantum-menorca-2026.upc.edu\/\",\"url\":\"https:\/\/quantum-menorca-2026.upc.edu\/\",\"name\":\"Workshop and School on \\\"Frontiers in ultracold quantum gases\\\" - XLI Trobades Cient\u00edfiques de la Mediterr\u00e0nia-Josep Miquel Vidal\",\"isPartOf\":{\"@id\":\"https:\/\/quantum-menorca-2026.upc.edu\/#website\"},\"primaryImageOfPage\":{\"@id\":\"https:\/\/quantum-menorca-2026.upc.edu\/#primaryimage\"},\"image\":{\"@id\":\"https:\/\/quantum-menorca-2026.upc.edu\/#primaryimage\"},\"thumbnailUrl\":\"https:\/\/quantum-menorca-2026.upc.edu\/wp-content\/uploads\/2026\/03\/CQA_logo-1-1024x377.png\",\"datePublished\":\"2019-02-26T13:50:10+00:00\",\"dateModified\":\"2026-04-02T10:26:06+00:00\",\"breadcrumb\":{\"@id\":\"https:\/\/quantum-menorca-2026.upc.edu\/#breadcrumb\"},\"inLanguage\":\"en-GB\",\"potentialAction\":[{\"@type\":\"ReadAction\",\"target\":[\"https:\/\/quantum-menorca-2026.upc.edu\/\"]}]},{\"@type\":\"ImageObject\",\"inLanguage\":\"en-GB\",\"@id\":\"https:\/\/quantum-menorca-2026.upc.edu\/#primaryimage\",\"url\":\"https:\/\/quantum-menorca-2026.upc.edu\/wp-content\/uploads\/2026\/03\/CQA_logo-1-scaled.png\",\"contentUrl\":\"https:\/\/quantum-menorca-2026.upc.edu\/wp-content\/uploads\/2026\/03\/CQA_logo-1-scaled.png\",\"width\":2560,\"height\":943},{\"@type\":\"BreadcrumbList\",\"@id\":\"https:\/\/quantum-menorca-2026.upc.edu\/#breadcrumb\",\"itemListElement\":[{\"@type\":\"ListItem\",\"position\":1,\"name\":\"Portada\",\"item\":\"https:\/\/quantum-menorca-2026.upc.edu\/\"},{\"@type\":\"ListItem\",\"position\":2,\"name\":\"Workshop and School on &#8220;Frontiers in ultracold quantum gases&#8221;\"}]},{\"@type\":\"WebSite\",\"@id\":\"https:\/\/quantum-menorca-2026.upc.edu\/#website\",\"url\":\"https:\/\/quantum-menorca-2026.upc.edu\/\",\"name\":\"XLI Trobades Cient\u00edfiques de la Mediterr\u00e0nia-Josep Miquel Vidal\",\"description\":\"10 - 12 June 2026 - Ma\u00f3 (Menorca, Spain)\",\"potentialAction\":[{\"@type\":\"SearchAction\",\"target\":{\"@type\":\"EntryPoint\",\"urlTemplate\":\"https:\/\/quantum-menorca-2026.upc.edu\/?s={search_term_string}\"},\"query-input\":{\"@type\":\"PropertyValueSpecification\",\"valueRequired\":true,\"valueName\":\"search_term_string\"}}],\"inLanguage\":\"en-GB\"}]}<\/script>\n<!-- \/ Yoast SEO plugin. -->","yoast_head_json":{"title":"Workshop and School on \"Frontiers in ultracold quantum gases\" - XLI Trobades Cient\u00edfiques de la Mediterr\u00e0nia-Josep Miquel Vidal","robots":{"index":"index","follow":"follow","max-snippet":"max-snippet:-1","max-image-preview":"max-image-preview:large","max-video-preview":"max-video-preview:-1"},"canonical":"https:\/\/quantum-menorca-2026.upc.edu\/","og_locale":"en_GB","og_type":"article","og_title":"Workshop and School on \"Frontiers in ultracold quantum gases\" - XLI Trobades Cient\u00edfiques de la Mediterr\u00e0nia-Josep Miquel Vidal","og_description":"The research on ultracold quantum gases is continuously evolving and reaching new frontiers in both theory and experiment. Organized in the framewok of the XLI Trobades Cient\u00edfiques de la Mediterr\u00e0nia-Josep Miquel Vidal and supported by the Catalonia Quantum Academy, the Workshop and School on \u201cFrontiers in ultracold quantum gases\u201d aims at bringing together experts and [&hellip;]","og_url":"https:\/\/quantum-menorca-2026.upc.edu\/","og_site_name":"XLI Trobades Cient\u00edfiques de la Mediterr\u00e0nia-Josep Miquel Vidal","article_modified_time":"2026-04-02T10:26:06+00:00","og_image":[{"width":2560,"height":943,"url":"https:\/\/quantum-menorca-2026.upc.edu\/wp-content\/uploads\/2026\/03\/CQA_logo-1-scaled.png","type":"image\/png"}],"twitter_card":"summary_large_image","twitter_misc":{"Estimated reading time":"2 minutes"},"schema":{"@context":"https:\/\/schema.org","@graph":[{"@type":"WebPage","@id":"https:\/\/quantum-menorca-2026.upc.edu\/","url":"https:\/\/quantum-menorca-2026.upc.edu\/","name":"Workshop and School on \"Frontiers in ultracold quantum gases\" - XLI Trobades Cient\u00edfiques de la Mediterr\u00e0nia-Josep Miquel Vidal","isPartOf":{"@id":"https:\/\/quantum-menorca-2026.upc.edu\/#website"},"primaryImageOfPage":{"@id":"https:\/\/quantum-menorca-2026.upc.edu\/#primaryimage"},"image":{"@id":"https:\/\/quantum-menorca-2026.upc.edu\/#primaryimage"},"thumbnailUrl":"https:\/\/quantum-menorca-2026.upc.edu\/wp-content\/uploads\/2026\/03\/CQA_logo-1-1024x377.png","datePublished":"2019-02-26T13:50:10+00:00","dateModified":"2026-04-02T10:26:06+00:00","breadcrumb":{"@id":"https:\/\/quantum-menorca-2026.upc.edu\/#breadcrumb"},"inLanguage":"en-GB","potentialAction":[{"@type":"ReadAction","target":["https:\/\/quantum-menorca-2026.upc.edu\/"]}]},{"@type":"ImageObject","inLanguage":"en-GB","@id":"https:\/\/quantum-menorca-2026.upc.edu\/#primaryimage","url":"https:\/\/quantum-menorca-2026.upc.edu\/wp-content\/uploads\/2026\/03\/CQA_logo-1-scaled.png","contentUrl":"https:\/\/quantum-menorca-2026.upc.edu\/wp-content\/uploads\/2026\/03\/CQA_logo-1-scaled.png","width":2560,"height":943},{"@type":"BreadcrumbList","@id":"https:\/\/quantum-menorca-2026.upc.edu\/#breadcrumb","itemListElement":[{"@type":"ListItem","position":1,"name":"Portada","item":"https:\/\/quantum-menorca-2026.upc.edu\/"},{"@type":"ListItem","position":2,"name":"Workshop and School on &#8220;Frontiers in ultracold quantum gases&#8221;"}]},{"@type":"WebSite","@id":"https:\/\/quantum-menorca-2026.upc.edu\/#website","url":"https:\/\/quantum-menorca-2026.upc.edu\/","name":"XLI Trobades Cient\u00edfiques de la Mediterr\u00e0nia-Josep Miquel Vidal","description":"10 - 12 June 2026 - Ma\u00f3 (Menorca, Spain)","potentialAction":[{"@type":"SearchAction","target":{"@type":"EntryPoint","urlTemplate":"https:\/\/quantum-menorca-2026.upc.edu\/?s={search_term_string}"},"query-input":{"@type":"PropertyValueSpecification","valueRequired":true,"valueName":"search_term_string"}}],"inLanguage":"en-GB"}]}},"_links":{"self":[{"href":"https:\/\/quantum-menorca-2026.upc.edu\/index.php\/wp-json\/wp\/v2\/pages\/154","targetHints":{"allow":["GET"]}}],"collection":[{"href":"https:\/\/quantum-menorca-2026.upc.edu\/index.php\/wp-json\/wp\/v2\/pages"}],"about":[{"href":"https:\/\/quantum-menorca-2026.upc.edu\/index.php\/wp-json\/wp\/v2\/types\/page"}],"author":[{"embeddable":true,"href":"https:\/\/quantum-menorca-2026.upc.edu\/index.php\/wp-json\/wp\/v2\/users\/2"}],"replies":[{"embeddable":true,"href":"https:\/\/quantum-menorca-2026.upc.edu\/index.php\/wp-json\/wp\/v2\/comments?post=154"}],"version-history":[{"count":28,"href":"https:\/\/quantum-menorca-2026.upc.edu\/index.php\/wp-json\/wp\/v2\/pages\/154\/revisions"}],"predecessor-version":[{"id":4232,"href":"https:\/\/quantum-menorca-2026.upc.edu\/index.php\/wp-json\/wp\/v2\/pages\/154\/revisions\/4232"}],"wp:attachment":[{"href":"https:\/\/quantum-menorca-2026.upc.edu\/index.php\/wp-json\/wp\/v2\/media?parent=154"}],"curies":[{"name":"wp","href":"https:\/\/api.w.org\/{rel}","templated":true}]}}